{"version":"1.0","provider_name":"Assam","provider_url":"https:\/\/assam.org.tr\/ar\/","author_name":"admin","author_url":"https:\/\/assam.org.tr\/ar\/author\/admin\/","title":"\u0627\u0644\u0639\u0627\u0644\u0645 \u0627\u0644\u0625\u0633\u0644\u0627\u0645\u064a \u0645\u0633\u062a\u0647\u062f\u0641 \u0628\u0627\u0644\u0647\u062c\u0648\u0645 \u0627\u0644\u0639\u0627\u0644\u0645\u064a - Assam","type":"rich","width":600,"height":338,"html":"<blockquote class=\"wp-embedded-content\" data-secret=\"7VqIWKiB3d\"><a href=\"https:\/\/assam.org.tr\/ar\/kuresel-saldirinin-hedefindeki-islam-dunyasi-ar\/\">\u0627\u0644\u0639\u0627\u0644\u0645 \u0627\u0644\u0625\u0633\u0644\u0627\u0645\u064a \u0645\u0633\u062a\u0647\u062f\u0641 \u0628\u0627\u0644\u0647\u062c\u0648\u0645 \u0627\u0644\u0639\u0627\u0644\u0645\u064a<\/a><\/blockquote><iframe sandbox=\"allow-scripts\" security=\"restricted\" src=\"https:\/\/assam.org.tr\/ar\/kuresel-saldirinin-hedefindeki-islam-dunyasi-ar\/embed\/#?secret=7VqIWKiB3d\" width=\"600\" height=\"338\" title=\"&#8220;\u0627\u0644\u0639\u0627\u0644\u0645 \u0627\u0644\u0625\u0633\u0644\u0627\u0645\u064a \u0645\u0633\u062a\u0647\u062f\u0641 \u0628\u0627\u0644\u0647\u062c\u0648\u0645 \u0627\u0644\u0639\u0627\u0644\u0645\u064a&#8221; &#8212; Assam\" data-secret=\"7VqIWKiB3d\" frameborder=\"0\" marginwidth=\"0\" marginheight=\"0\" scrolling=\"no\" class=\"wp-embedded-content\"><\/iframe><script>\n\/*! This file is auto-generated *\/\n!function(d,l){\"use strict\";l.querySelector&&d.addEventListener&&\"undefined\"!=typeof URL&&(d.wp=d.wp||{},d.wp.receiveEmbedMessage||(d.wp.receiveEmbedMessage=function(e){var t=e.data;if((t||t.secret||t.message||t.value)&&!\/[^a-zA-Z0-9]\/.test(t.secret)){for(var s,r,n,a=l.querySelectorAll('iframe[data-secret=\"'+t.secret+'\"]'),o=l.querySelectorAll('blockquote[data-secret=\"'+t.secret+'\"]'),c=new RegExp(\"^https?:$\",\"i\"),i=0;i<o.length;i++)o[i].style.display=\"none\";for(i=0;i<a.length;i++)s=a[i],e.source===s.contentWindow&&(s.removeAttribute(\"style\"),\"height\"===t.message?(1e3<(r=parseInt(t.value,10))?r=1e3:~~r<200&&(r=200),s.height=r):\"link\"===t.message&&(r=new URL(s.getAttribute(\"src\")),n=new URL(t.value),c.test(n.protocol))&&n.host===r.host&&l.activeElement===s&&(d.top.location.href=t.value))}},d.addEventListener(\"message\",d.wp.receiveEmbedMessage,!1),l.addEventListener(\"DOMContentLoaded\",function(){for(var e,t,s=l.querySelectorAll(\"iframe.wp-embedded-content\"),r=0;r<s.length;r++)(t=(e=s[r]).getAttribute(\"data-secret\"))||(t=Math.random().toString(36).substring(2,12),e.src+=\"#?secret=\"+t,e.setAttribute(\"data-secret\",t)),e.contentWindow.postMessage({message:\"ready\",secret:t},\"*\")},!1)))}(window,document);\n\/\/# sourceURL=https:\/\/assam.org.tr\/wp-includes\/js\/wp-embed.min.js\n<\/script>\n","thumbnail_url":"https:\/\/assam.org.tr\/downloads\/2014\/11\/4feb08b32fc2bca59f9db42b69cd4022.jpg","thumbnail_width":800,"thumbnail_height":450,"description":"\"K\u00fcresel Sald\u0131r\u0131n\u0131n Hedefindeki \u0130slam D\u00fcnyas\u0131\" semineri Bursa ASSAM \u0130l Ba\u015fkanl\u0131\u011f\u0131 organizasyonu ile 1 Kas\u0131m 2014 Cumartesi g\u00fcn\u00fc Bursa Setba\u015f\u0131 K\u00fct\u00fcphanesi \u00dcftade Konferans ve Toplant\u0131 Salonunda ger\u00e7ekle\u015ftirildi. ASSAM Ba\u015fkan\u0131 (E) General Adnan TANRIVERD\u0130 taraf\u0131ndan yap\u0131lan sunumda \u0130slam D\u00fcnyas\u0131na yap\u0131lan k\u00fcresel sald\u0131r\u0131n\u0131n boyutlar\u0131 ve \u0130slam D\u00fcnyas\u0131n\u0131n bu durumdan \u00e7\u0131k\u0131\u015f\u0131 i\u00e7in at\u0131lmas\u0131 gereken ad\u0131mlar anlat\u0131ld\u0131. \u0130slam D\u00fcnyas\u0131na y\u00f6nelen ha\u00e7l\u0131 seferlerinin \u015fekil de\u011fi\u015ftirerek devam etti\u011fini s\u00f6yleyen TANRIVERD\u0130; \u0130slam D\u00fcnyas\u0131 kendi co\u011frafyas\u0131n\u0131n \u00fclkelerin \u00fcniter yap\u0131lar\u0131n\u0131n i\u00e7indeki etnik ve mezhepsel farkl\u0131l\u0131\u011fa sahip unsurlar\u0131n\u0131n birbirleri ile sava\u015ft\u0131r\u0131ld\u0131\u011f\u0131n\u0131n, ilan edilmemi\u015f, gizli, sinsi, kirli ve asimetrik 3. D\u00fcnya Sava\u015f\u0131 Alan\u0131 haline getirildi\u011finin fark\u0131na varmal\u0131d\u0131r. Seminer sonras\u0131nda ASSAM M\u0131s\u0131r \u00c7al\u0131\u015ftay\u0131 ger\u00e7ekle\u015ftirildi. \u00c7al\u0131\u015ftay'da Uluda\u011f \u00dcniversitesi \u0130lahiyat Fak\u00fcltesi \u00f6\u011fretim \u00fcyeleri Prof Dr \u0130smail G\u00fcler ve M\u0131s\u0131rl\u0131 Prof Dr Muhammed Said, Okutman \u0130slam \u00d6mer taraf\u0131ndan M\u0131s\u0131r'\u0131n tarihi, biyografik bilgilerine de\u011finildikten sonra g\u00fcncel ekonomik, siyasi durumu de\u011ferlendirildi. \"K\u00fcresel Sald\u0131r\u0131lar\u0131n Hedefindeki \u0130slam D\u00fcnyas\u0131\" semineri 2 Kas\u0131m 2014 Pazar g\u00fcn\u00fc de \u0130lim Yayma Cemiyeti Bursa Tevfik \u00c7uka Yurdu toplant\u0131 salonunda gelece\u011fimiz \u00fcniversite \u00f6\u011frencilerine de verilmi\u015ftir."}